{"id":311,"date":"2021-01-21T01:38:07","date_gmt":"2021-01-21T00:38:07","guid":{"rendered":"http:\/\/www.g-f-kaiser.de\/zahnarzt\/?page_id=311"},"modified":"2021-12-01T10:40:19","modified_gmt":"2021-12-01T09:40:19","slug":"sprechstunden","status":"publish","type":"page","link":"https:\/\/www.g-f-kaiser.de\/zahnarzt\/sprechstunden\/","title":{"rendered":"Sprechstunden"},"content":{"rendered":"\n[et_pb_section fb_built=&#8220;1&#8243; custom_padding_last_edited=&#8220;on|phone&#8220; admin_label=&#8220;Header&#8220; _builder_version=&#8220;4.11.3&#8243; use_background_color_gradient=&#8220;on&#8220; background_color_gradient_start=&#8220;rgba(255,255,255,0)&#8220; background_color_gradient_end=&#8220;#f9fafc&#8220; background_color_gradient_type=&#8220;radial&#8220; background_color_gradient_direction_radial=&#8220;right&#8220; background_color_gradient_overlays_image=&#8220;on&#8220; background_image=&#8220;https:\/\/www.g-f-kaiser.de\/zahnarzt\/wp-content\/uploads\/2021\/10\/zahnarzt-muenster-kaiser-2.jpg&#8220; background_size=&#8220;contain&#8220; background_position=&#8220;center_right&#8220; custom_margin=&#8220;|||&#8220; custom_padding=&#8220;11vw||11vw||true|false&#8220; custom_padding_tablet=&#8220;||||false|false&#8220; custom_padding_phone=&#8220;||||false|false&#8220; global_module=&#8220;591&#8243; global_colors_info=&#8220;{}&#8220;][et_pb_row column_structure=&#8220;1_2,1_2&#8243; _builder_version=&#8220;4.12.1&#8243; max_width=&#8220;1280px&#8220; hover_enabled=&#8220;0&#8243; use_custom_width=&#8220;on&#8220; custom_width_px=&#8220;1280px&#8220; global_colors_info=&#8220;{}&#8220; sticky_enabled=&#8220;0&#8243;][et_pb_column type=&#8220;1_2&#8243; _builder_version=&#8220;3.25&#8243; custom_padding=&#8220;|||&#8220; global_colors_info=&#8220;{}&#8220; custom_padding__hover=&#8220;|||&#8220;][et_pb_text _builder_version=&#8220;4.14.1&#8243; text_font=&#8220;Cantata One||||||||&#8220; text_font_size=&#8220;30px&#8220; text_line_height=&#8220;1.8em&#8220; header_font=&#8220;Cantata One||||||||&#8220; header_font_size=&#8220;50px&#8220; header_line_height=&#8220;1.4em&#8220; header_2_font=&#8220;Cantata One|600|||||||&#8220; header_2_text_color=&#8220;#000000&#8243; header_2_font_size=&#8220;40px&#8220; header_2_line_height=&#8220;1.6em&#8220; header_3_font=&#8220;Cantata One||||||||&#8220; header_3_font_size=&#8220;39px&#8220; background_color=&#8220;RGBA(0,0,0,0)&#8220; use_background_color_gradient=&#8220;on&#8220; background_color_gradient_start=&#8220;rgba(255,255,255,0.89)&#8220; background_color_gradient_end=&#8220;rgba(0,0,0,0)&#8220; background_color_gradient_type=&#8220;radial&#8220; background_color_gradient_direction_radial=&#8220;right&#8220; background_color_gradient_start_position=&#8220;70%&#8220; background_color_gradient_end_position=&#8220;92%&#8220; text_orientation=&#8220;center&#8220; animation_style=&#8220;slide&#8220; animation_direction=&#8220;bottom&#8220; hover_enabled=&#8220;0&#8243; header_font_size_tablet=&#8220;35px&#8220; header_font_size_phone=&#8220;25px&#8220; header_font_size_last_edited=&#8220;on|desktop&#8220; border_radii=&#8220;on|15px|15px|15px|15px&#8220; global_colors_info=&#8220;{}&#8220; sticky_enabled=&#8220;0&#8243;]<h3>Zahnarzt Kaiser<\/h3>\n<p>Allgemeine, kosmetische und\u00a0<span lang=\"de\">Restaurative Zahnheilkunde<\/span><\/p>[\/et_pb_text][et_pb_button button_url=&#8220;#Telefon&#8220; button_text=&#8220;JETZT TERMIN VEREINBAREN&#8220; button_alignment=&#8220;center&#8220; button_text_tablet=&#8220;&#8220; button_text_phone=&#8220;&#8220; button_text_last_edited=&#8220;on|desktop&#8220; _builder_version=&#8220;4.13.0&#8243; custom_button=&#8220;on&#8220; button_text_size=&#8220;16px&#8220; button_text_color=&#8220;#ffffff&#8220; button_bg_color=&#8220;#c1cf56&#8243; button_border_width=&#8220;7px&#8220; button_border_color=&#8220;rgba(0,0,0,0)&#8220; button_border_radius=&#8220;100px&#8220; button_font=&#8220;Open Sans|700|||||||&#8220; button_icon=&#8220;&#xe090;||divi||400&#8243; button_icon_color=&#8220;#FFFFFF&#8220; button_on_hover=&#8220;off&#8220; animation_style=&#8220;slide&#8220; animation_direction=&#8220;bottom&#8220; button_text_color_hover=&#8220;#ffffff&#8220; button_border_color_hover=&#8220;rgba(0,0,0,0)&#8220; button_border_radius_hover=&#8220;100px&#8220; button_bg_color_hover=&#8220;#0059c3&#8243; global_colors_info=&#8220;{}&#8220; button_text_size__hover_enabled=&#8220;off&#8220; button_one_text_size__hover_enabled=&#8220;off&#8220; button_two_text_size__hover_enabled=&#8220;off&#8220; button_text_color__hover_enabled=&#8220;on&#8220; button_text_color__hover=&#8220;#ffffff&#8220; button_one_text_color__hover_enabled=&#8220;off&#8220; button_two_text_color__hover_enabled=&#8220;off&#8220; button_border_width__hover_enabled=&#8220;off&#8220; button_one_border_width__hover_enabled=&#8220;off&#8220; button_two_border_width__hover_enabled=&#8220;off&#8220; button_border_color__hover_enabled=&#8220;on&#8220; button_border_color__hover=&#8220;rgba(0,0,0,0)&#8220; button_one_border_color__hover_enabled=&#8220;off&#8220; button_two_border_color__hover_enabled=&#8220;off&#8220; button_border_radius__hover_enabled=&#8220;on&#8220; button_border_radius__hover=&#8220;100px&#8220; button_one_border_radius__hover_enabled=&#8220;off&#8220; button_two_border_radius__hover_enabled=&#8220;off&#8220; button_letter_spacing__hover_enabled=&#8220;off&#8220; button_one_letter_spacing__hover_enabled=&#8220;off&#8220; button_two_letter_spacing__hover_enabled=&#8220;off&#8220; button_bg_color__hover_enabled=&#8220;on&#8220; button_bg_color__hover=&#8220;#0059c3&#8243; button_one_bg_color__hover_enabled=&#8220;off&#8220; button_two_bg_color__hover_enabled=&#8220;off&#8220; button_text__hover_enabled=&#8220;on|desktop&#8220; button_text__hover=&#8220;JETZT TERMIN VEREINBAREN&#8220;][\/et_pb_button][\/et_pb_column][et_pb_column type=&#8220;1_2&#8243; _builder_version=&#8220;3.25&#8243; custom_padding=&#8220;|||&#8220; global_colors_info=&#8220;{}&#8220; custom_padding__hover=&#8220;|||&#8220;][\/et_pb_column][\/et_pb_row][\/et_pb_section][et_pb_section fb_built=&#8220;1&#8243; admin_label=&#8220;Contact Info&#8220; module_id=&#8220;Telefon&#8220; _builder_version=&#8220;4.11.3&#8243; background_image=&#8220;https:\/\/www.g-f-kaiser.de\/zahnarzt\/wp-content\/uploads\/2021\/01\/dentist-04.png&#8220; background_size=&#8220;initial&#8220; background_position=&#8220;top_center&#8220; custom_padding=&#8220;0|0px|71px|0px|false|false&#8220; global_module=&#8220;477&#8243; global_colors_info=&#8220;{}&#8220;][et_pb_row column_structure=&#8220;1_3,1_3,1_3&#8243; custom_padding_last_edited=&#8220;on|desktop&#8220; _builder_version=&#8220;4.8.1&#8243; use_background_color_gradient=&#8220;on&#8220; background_color_gradient_start=&#8220;#c1cf56&#8243; background_color_gradient_end=&#8220;#7cda24&#8243; background_color_gradient_direction=&#8220;108deg&#8220; max_width=&#8220;1280px&#8220; module_alignment=&#8220;center&#8220; custom_margin=&#8220;|||&#8220; custom_padding=&#8220;31px|5vw|31px|5vw|true|true&#8220; custom_padding_tablet=&#8220;|5vw||5vw||true&#8220; custom_padding_phone=&#8220;|5vw||5vw||true&#8220; animation_style=&#8220;zoom&#8220; animation_direction=&#8220;top&#8220; animation_intensity_zoom=&#8220;1%&#8220; border_radii=&#8220;|||14vw|14vw&#8220; box_shadow_style=&#8220;preset1&#8243; box_shadow_vertical=&#8220;20px&#8220; box_shadow_blur=&#8220;50px&#8220; box_shadow_color=&#8220;rgba(0,121,255,0.2)&#8220; use_custom_width=&#8220;on&#8220; custom_width_px=&#8220;1280px&#8220; global_colors_info=&#8220;{}&#8220;][et_pb_column type=&#8220;1_3&#8243; _builder_version=&#8220;3.25&#8243; custom_padding=&#8220;|||&#8220; custom_padding_tablet=&#8220;40px|||&#8220; custom_padding_phone=&#8220;20px|||&#8220; custom_padding_last_edited=&#8220;off|desktop&#8220; global_colors_info=&#8220;{}&#8220; padding_phone=&#8220;20px|||&#8220; padding_tablet=&#8220;40px|||&#8220; padding_last_edited=&#8220;off|desktop&#8220; custom_padding__hover=&#8220;|||&#8220;][et_pb_blurb title=&#8220;Telefon&#8220; use_icon=&#8220;on&#8220; font_icon=&#8220;&#xe090;||divi||400&#8243; icon_color=&#8220;#ffffff&#8220; icon_placement=&#8220;left&#8220; _builder_version=&#8220;4.13.0&#8243; header_font=&#8220;Cantata One||||||||&#8220; header_line_height=&#8220;1.6em&#8220; body_font=&#8220;||||||||&#8220; body_font_size=&#8220;20px&#8220; body_line_height=&#8220;2em&#8220; body_link_font=&#8220;|600|||||||&#8220; body_link_text_color=&#8220;#FFFFFF&#8220; background_layout=&#8220;dark&#8220; animation=&#8220;off&#8220; global_colors_info=&#8220;{}&#8220;]<a href=\"tel:0251922 55 50\">0251-922 55 50<\/a>[\/et_pb_blurb][\/et_pb_column][et_pb_column type=&#8220;1_3&#8243; _builder_version=&#8220;3.25&#8243; custom_padding=&#8220;|||&#8220; custom_padding_tablet=&#8220;40px|||&#8220; custom_padding_phone=&#8220;20px|||&#8220; custom_padding_last_edited=&#8220;off|desktop&#8220; global_colors_info=&#8220;{}&#8220; padding_phone=&#8220;20px|||&#8220; padding_tablet=&#8220;40px|||&#8220; padding_last_edited=&#8220;off|desktop&#8220; custom_padding__hover=&#8220;|||&#8220;][et_pb_blurb title=&#8220;\u00d6ffnungszeiten&#8220; use_icon=&#8220;on&#8220; font_icon=&#8220;&#xe06b;||divi||400&#8243; icon_color=&#8220;#ffffff&#8220; icon_placement=&#8220;left&#8220; _builder_version=&#8220;4.13.0&#8243; header_font=&#8220;Cantata One||||||||&#8220; header_line_height=&#8220;1.6em&#8220; body_font=&#8220;Muli||||||||&#8220; body_font_size=&#8220;18px&#8220; body_line_height=&#8220;2em&#8220; background_layout=&#8220;dark&#8220; animation=&#8220;off&#8220; body_font_size_tablet=&#8220;&#8220; body_font_size_phone=&#8220;15px&#8220; body_font_size_last_edited=&#8220;on|phone&#8220; global_colors_info=&#8220;{}&#8220;]<ul>\n<li>Mo:\u00a0\u00a0<em>9:00 \u2013 12:00 +<br \/> 14:00 \u2013 18:00 Uhr<\/em><\/li>\n<li><span>Di:\u00a0 \u00a0<\/span><em>9:00 \u2013 12:00 +<span><br \/> <\/span>14:00 \u2013 18:00 Uhr<br \/> <\/em><\/li>\n<li><em><\/em><span>Mi:\u00a0\u00a0<\/span><em>14:00 \u2013 18:00 Uhr<\/em><\/li>\n<li><em><\/em><span>Do:\u00a0<\/span><em>09:00 \u2013 12:00 +<br \/> 14:00 \u2013 18:00 Uhr<\/em><\/li>\n<li><em><\/em><span>Fr:\u00a0\u00a0<\/span><em>09:00 \u2013 13:00 Uhr<\/em><\/li>\n<\/ul>[\/et_pb_blurb][\/et_pb_column][et_pb_column type=&#8220;1_3&#8243; _builder_version=&#8220;3.25&#8243; custom_padding=&#8220;|||&#8220; custom_padding_tablet=&#8220;40px|||&#8220; custom_padding_phone=&#8220;20px|||&#8220; custom_padding_last_edited=&#8220;off|desktop&#8220; global_colors_info=&#8220;{}&#8220; padding_phone=&#8220;20px|||&#8220; padding_tablet=&#8220;40px|||&#8220; padding_last_edited=&#8220;off|desktop&#8220; custom_padding__hover=&#8220;|||&#8220;][et_pb_blurb title=&#8220;Email &#8220; use_icon=&#8220;on&#8220; font_icon=&#8220;&#xe08b;||divi||400&#8243; icon_color=&#8220;#ffffff&#8220; icon_placement=&#8220;left&#8220; _builder_version=&#8220;4.13.0&#8243; header_font=&#8220;Cantata One||||||||&#8220; header_line_height=&#8220;1.6em&#8220; body_font=&#8220;||||||||&#8220; body_font_size=&#8220;18px&#8220; body_line_height=&#8220;2em&#8220; background_layout=&#8220;dark&#8220; animation=&#8220;off&#8220; global_colors_info=&#8220;{}&#8220;]<p><span style=\"color: #ffffff;\"><strong><a href=\"mailto:praxis@g-f-kaiser.de\" style=\"color: #ffffff;\">praxis@g-f-kaiser.de<\/a><\/strong><\/span><\/p>[\/et_pb_blurb][\/et_pb_column][\/et_pb_row][\/et_pb_section][et_pb_section fb_built=&#8220;1&#8243; _builder_version=&#8220;4.8.1&#8243; _module_preset=&#8220;default&#8220; global_colors_info=&#8220;{}&#8220;][et_pb_row column_structure=&#8220;3_5,2_5&#8243; _builder_version=&#8220;4.8.1&#8243; _module_preset=&#8220;default&#8220; global_colors_info=&#8220;{}&#8220;][et_pb_column type=&#8220;3_5&#8243; _builder_version=&#8220;4.8.1&#8243; _module_preset=&#8220;default&#8220; border_radii=&#8220;on|15px|15px|15px|15px&#8220; border_width_all=&#8220;2px&#8220; box_shadow_style=&#8220;preset2&#8243; global_colors_info=&#8220;{}&#8220;][et_pb_text _builder_version=&#8220;4.14.1&#8243; _module_preset=&#8220;default&#8220; header_2_font=&#8220;Muli|700|||||||&#8220; header_2_font_size=&#8220;29px&#8220; custom_margin=&#8220;||10px|||&#8220; custom_padding=&#8220;5px|10px|5px|10px|true|true&#8220; hover_enabled=&#8220;0&#8243; global_colors_info=&#8220;{}&#8220; sticky_enabled=&#8220;0&#8243;]<h1 style=\"text-align: left;\"><strong>Sprechstunde:\u00a0<\/strong><\/h1>[\/et_pb_text][et_pb_text _builder_version=&#8220;4.8.1&#8243; _module_preset=&#8220;default&#8220; text_font=&#8220;Muli|700|||||||&#8220; text_font_size=&#8220;24px&#8220; text_line_height=&#8220;2.4em&#8220; header_3_font=&#8220;Muli|700|||||||&#8220; custom_margin=&#8220;-20px|||||&#8220; custom_padding=&#8220;5px||5px|6px|true|false&#8220; global_colors_info=&#8220;{}&#8220;]<h3><\/h3>\n<p>Mo:\u00a0\u00a0<em>09:00 &#8211; 12:00 Uhr und\u00a014:00 &#8211; 18:00 Uhr<\/em><\/p>\n<p><span>Di:\u00a0 \u00a0<\/span><em>09:00 &#8211; 12:00 Uhr und<span>\u00a0<\/span>14:00 &#8211; 18:00 Uhr<br \/> <\/em><\/p>\n<p><em><\/em><span>Mi:\u00a0\u00a0<\/span><em>14:00 &#8211; 18:00 Uhr <\/em><\/p>\n<p><em><\/em><span>Do:\u00a0<\/span><em>09:00 &#8211; 12:00 Uhr und<span>\u00a0<\/span>14:00 &#8211; 18:00 Uhr <\/em><\/p>\n<p><em><\/em><span>Fr:\u00a0\u00a0<\/span><em>09:00 &#8211; 13:00 Uhr<\/em><\/p>\n<div class=\"sprechzeiten\"><\/div>[\/et_pb_text][\/et_pb_column][et_pb_column type=&#8220;2_5&#8243; _builder_version=&#8220;4.8.1&#8243; _module_preset=&#8220;default&#8220; border_radii=&#8220;on|15px|15px|15px|15px&#8220; border_width_all=&#8220;2px&#8220; box_shadow_style=&#8220;preset2&#8243; global_colors_info=&#8220;{}&#8220;][et_pb_image src=&#8220;https:\/\/www.g-f-kaiser.de\/zahnarzt\/wp-content\/uploads\/2021\/01\/sprechstunde-zahnarzt.jpg&#8220; title_text=&#8220;sprechstunde-zahnarzt&#8220; _builder_version=&#8220;4.8.1&#8243; _module_preset=&#8220;default&#8220; global_colors_info=&#8220;{}&#8220;][\/et_pb_image][\/et_pb_column][\/et_pb_row][et_pb_row _builder_version=&#8220;4.8.1&#8243; _module_preset=&#8220;default&#8220; global_colors_info=&#8220;{}&#8220;][et_pb_column type=&#8220;4_4&#8243; _builder_version=&#8220;4.8.1&#8243; _module_preset=&#8220;default&#8220; global_colors_info=&#8220;{}&#8220;][et_pb_text _builder_version=&#8220;4.14.1&#8243; _module_preset=&#8220;default&#8220; text_font=&#8220;Muli|700|||||||&#8220; text_font_size=&#8220;22px&#8220; custom_padding=&#8220;5px|10px|5px|10px|true|true&#8220; hover_enabled=&#8220;0&#8243; text_font_size_tablet=&#8220;&#8220; text_font_size_phone=&#8220;15px&#8220; text_font_size_last_edited=&#8220;on|phone&#8220; border_radii=&#8220;on|15px|15px|15px|15px&#8220; border_width_all=&#8220;2px&#8220; box_shadow_style=&#8220;preset2&#8243; global_colors_info=&#8220;{}&#8220; sticky_enabled=&#8220;0&#8243;]<p style=\"text-align: center;\">Um die Wartezeiten f\u00fcr alle Patienten m\u00f6glichst kurz zu halten, haben wir eine <strong>Sprechstunde zur Vereinbarung von Terminen<\/strong>. Sie sollten grunds\u00e4tzlich versuchen einen Termin telefonisch vorab zu vereinbaren.<\/p>\n<p style=\"text-align: center;\">Sollten sie akut erkrankt sein und Schmerzen haben, versuchen Sie umgehend telefonischen Kontakt mit uns aufzunehmen. Wir versuchen ihnen schnellstm\u00f6glich zu helfen. Au\u00dferhalb der telefonischen Erreichbarkeit, am Wochenende und der Sprechstunde, sollten Sie im Notfall sich an den <a href=\"https:\/\/www.g-f-kaiser.de\/zahnarzt\/notdienst\/\">Zahn\u00e4rztlichen Notdienst<\/a> wenden!\u00a0<br \/><strong><br \/>Unsere Behandlungszeiten k\u00f6nnen von den allgemeinen<\/strong><\/p>\n<p style=\"text-align: center;\">\u00d6ffnungszeiten abweichen und werden nach Vereinbarung vergeben.<\/p>\n<blockquote>\n<p style=\"text-align: center;\">Zahnarzt M\u00fcnster Kaiser<\/p>\n<\/blockquote>\n<p style=\"text-align: center;\"><\/p>[\/et_pb_text][\/et_pb_column][\/et_pb_row][\/et_pb_section][et_pb_section fb_built=&#8220;1&#8243; _builder_version=&#8220;4.8.1&#8243; _module_preset=&#8220;default&#8220; custom_padding=&#8220;||1px|||&#8220; global_colors_info=&#8220;{}&#8220;][et_pb_row column_structure=&#8220;1_2,1_2&#8243; _builder_version=&#8220;4.8.1&#8243; _module_preset=&#8220;default&#8220; custom_padding=&#8220;23px||0px|||&#8220; global_colors_info=&#8220;{}&#8220;][et_pb_column type=&#8220;1_2&#8243; _builder_version=&#8220;4.8.1&#8243; _module_preset=&#8220;default&#8220; border_radii=&#8220;on|15px|15px|15px|15px&#8220; border_width_all=&#8220;2px&#8220; box_shadow_style=&#8220;preset2&#8243; global_colors_info=&#8220;{}&#8220;][et_pb_text _builder_version=&#8220;4.12.1&#8243; _module_preset=&#8220;default&#8220; text_font=&#8220;Muli|700|||||||&#8220; text_font_size=&#8220;20px&#8220; text_line_height=&#8220;1.8em&#8220; custom_padding=&#8220;5px|10px|5px|10px|true|true&#8220; global_colors_info=&#8220;{}&#8220;]<p><strong>Zahnarzt G\u00fcnter Friedrich\u00a0Kaiser<\/strong><br \/>YORK CENTER\/SATURN<br \/>Catharina-Mueller Str.4<br \/>48149 M\u00fcnster<br \/><strong>Tel:0251-922 55 50<br \/><\/strong><strong>email:\u00a0<\/strong><strong><a href=\"mailto:praxis@g-f-kaiser.de\">praxis@g-f-kaiser.de<\/a><\/strong><\/p>[\/et_pb_text][\/et_pb_column][et_pb_column type=&#8220;1_2&#8243; _builder_version=&#8220;4.8.1&#8243; _module_preset=&#8220;default&#8220; border_radii=&#8220;on|15px|15px|15px|15px&#8220; border_width_all=&#8220;2px&#8220; box_shadow_style=&#8220;preset2&#8243; global_colors_info=&#8220;{}&#8220;][et_pb_text _builder_version=&#8220;4.8.1&#8243; _module_preset=&#8220;default&#8220; text_font=&#8220;Muli|700|||||||&#8220; text_font_size=&#8220;19px&#8220; text_line_height=&#8220;1.8em&#8220; header_3_font=&#8220;Muli|700|||||||&#8220; custom_padding=&#8220;21px|6px|21px|6px|true|true&#8220; global_colors_info=&#8220;{}&#8220;]<h3>Unsere \u00d6ffnungszeiten<\/h3>\n<ul>\n<li>Mo:\u00a0\u00a0<em>09:00 &#8211; 12:00 Uhr und\u00a014:00 &#8211; 18:00 Uhr<\/em><\/li>\n<li><span>Di:\u00a0 \u00a0<\/span><em>09:00 &#8211; 12:00 Uhr und<span>\u00a0<\/span>14:00 &#8211; 18:00 Uhr<br \/> <\/em><\/li>\n<li><em><\/em><span>Mi:\u00a0\u00a0<\/span><em>14:00 &#8211; 18:00 Uhr <\/em><\/li>\n<li><em><\/em><span>Do:\u00a0<\/span><em>09:00 &#8211; 12:00 Uhr und<span>\u00a0<\/span>14:00 &#8211; 18:00 Uhr <\/em><\/li>\n<li><em><\/em><span>Fr:\u00a0\u00a0<\/span><em>09:00 &#8211; 13:00 Uhr<\/em><\/li>\n<\/ul>\n<div class=\"sprechzeiten\"><\/div>[\/et_pb_text][\/et_pb_column][\/et_pb_row][et_pb_row column_structure=&#8220;1_2,1_2&#8243; _builder_version=&#8220;4.8.1&#8243; _module_preset=&#8220;default&#8220; custom_padding=&#8220;||0px|||&#8220; global_colors_info=&#8220;{}&#8220;][et_pb_column type=&#8220;1_2&#8243; _builder_version=&#8220;4.8.1&#8243; _module_preset=&#8220;default&#8220; global_colors_info=&#8220;{}&#8220;][et_pb_text _builder_version=&#8220;4.8.1&#8243; _module_preset=&#8220;default&#8220; text_font=&#8220;Muli|700|||||||&#8220; text_line_height=&#8220;3em&#8220; custom_padding=&#8220;20px|15px|20px|15px|true|true&#8220; global_colors_info=&#8220;{}&#8220;]<h3><strong>Sie finden uns ganz einfach:<\/strong><\/h3>\n<p>\u2022 Autobahn A1, Abfahrt M\u00fcnster Nord<br \/> \u2022 Sie folgen der Steinfurter Stra\u00dfe<br \/> \u2022 an der gro\u00dfen Kreuzung links abbiegen auf den York-Ring<br \/> \u2022 n\u00e4chste gro\u00dfe Kreuzung rechts abbiegen in die Grevener Stra\u00dfe<br \/> \u2022 nach 100 Metern rechts abbiegen auf dem Parkplatz Saturn oder Aldi<br \/> \u2022 der Eingang zur Praxis liegt zwischen den beiden Superm\u00e4rkten<\/p>[\/et_pb_text][\/et_pb_column][et_pb_column type=&#8220;1_2&#8243; _builder_version=&#8220;4.8.1&#8243; _module_preset=&#8220;default&#8220; global_colors_info=&#8220;{}&#8220;][et_pb_image src=&#8220;https:\/\/www.g-f-kaiser.de\/zahnarzt\/wp-content\/uploads\/2021\/01\/anfahrt.jpg&#8220; title_text=&#8220;anfahrt&#8220; show_in_lightbox=&#8220;on&#8220; _builder_version=&#8220;4.11.3&#8243; _module_preset=&#8220;default&#8220; border_radii=&#8220;on|15px|15px|15px|15px&#8220; box_shadow_style=&#8220;preset1&#8243; global_colors_info=&#8220;{}&#8220;][\/et_pb_image][\/et_pb_column][\/et_pb_row][\/et_pb_section][et_pb_section fb_built=&#8220;1&#8243; _builder_version=&#8220;4.8.1&#8243; _module_preset=&#8220;default&#8220; custom_margin=&#8220;-15px|||||&#8220; custom_padding=&#8220;5px||0px|||&#8220; global_colors_info=&#8220;{}&#8220;][et_pb_row _builder_version=&#8220;4.8.1&#8243; _module_preset=&#8220;default&#8220; width=&#8220;100%&#8220; max_width=&#8220;1920px&#8220; custom_margin=&#8220;|auto|-3px|auto||&#8220; custom_padding=&#8220;12px|||||&#8220; global_colors_info=&#8220;{}&#8220;][et_pb_column type=&#8220;4_4&#8243; _builder_version=&#8220;4.8.1&#8243; _module_preset=&#8220;default&#8220; global_colors_info=&#8220;{}&#8220;][et_pb_code _builder_version=&#8220;4.8.1&#8243; _module_preset=&#8220;default&#8220; text_orientation=&#8220;center&#8220; custom_padding=&#8220;||1px|||&#8220; global_colors_info=&#8220;{}&#8220;]<iframe loading=\"lazy\" src=\"https:\/\/www.google.com\/maps\/embed?pb=!1m14!1m8!1m3!1d19662.959919171062!2d7.611194!3d51.972795!3m2!1i1024!2i768!4f13.1!3m3!1m2!1s0x0%3A0xefcc82adbd1c749c!2sG%C3%BCnter%20Friedrich%20Kaiser%20Zahnarzt!5e0!3m2!1sde!2sde!4v1611168139223!5m2!1sde!2sde\" width=\"1920\" height=\"600\" frameborder=\"0\" style=\"border:0;\" allowfullscreen=\"\" aria-hidden=\"false\" tabindex=\"0\"><\/iframe>[\/et_pb_code][\/et_pb_column][\/et_pb_row][\/et_pb_section]\n","protected":false},"excerpt":{"rendered":"<p>Zahnarzt Kaiser Allgemeine, kosmetische und\u00a0Restaurative Zahnheilkunde0251-922 55 50 Mo:\u00a0\u00a09:00 \u2013 12:00 + 14:00 \u2013 18:00 Uhr Di:\u00a0 \u00a09:00 \u2013 12:00 + 14:00 \u2013 18:00 Uhr Mi:\u00a0\u00a014:00 \u2013 18:00 Uhr Do:\u00a009:00 \u2013 12:00 + 14:00 \u2013 18:00 Uhr Fr:\u00a0\u00a009:00 \u2013 13:00 Uhr praxis@g-f-kaiser.deSprechstunde:\u00a0 Mo:\u00a0\u00a009:00 &#8211; 12:00 Uhr und\u00a014:00 &#8211; 18:00 Uhr Di:\u00a0 \u00a009:00 &#8211; 12:00 Uhr [&hellip;]<\/p>\n","protected":false},"author":1,"featured_media":0,"parent":0,"menu_order":0,"comment_status":"closed","ping_status":"closed","template":"","meta":{"_et_pb_use_builder":"on","_et_pb_old_content":"","_et_gb_content_width":"","footnotes":""},"categories":[],"tags":[],"class_list":["post-311","page","type-page","status-publish","hentry"],"yoast_head":"<!-- This site is optimized with the Yoast SEO plugin v27.5 - https:\/\/yoast.com\/product\/yoast-seo-wordpress\/ -->\n<title>Sprechstunde: Zahnarzt M\u00fcnster Kaiser | am York Center<\/title>\n<meta name=\"description\" content=\"Zahnarzt M\u00fcnster Kaiser \u2714\ufe0f Sprechstunde Zahnarztpraxis und \u00d6ffnungszeiten \u2714\ufe0f kostenlose Parkpl\u00e4tze(90 Minuten) \u2714\ufe0f Termin vereinbaren!\" \/>\n<meta name=\"robots\" content=\"index, follow, max-snippet:-1, max-image-preview:large, max-video-preview:-1\" \/>\n<link rel=\"canonical\" href=\"https:\/\/www.g-f-kaiser.de\/zahnarzt\/sprechstunden\/\" \/>\n<meta property=\"og:locale\" content=\"de_DE\" \/>\n<meta property=\"og:type\" content=\"article\" \/>\n<meta property=\"og:title\" content=\"Sprechstunde: Zahnarzt M\u00fcnster Kaiser | am York Center\" \/>\n<meta property=\"og:description\" content=\"Zahnarzt M\u00fcnster Kaiser \u2714\ufe0f Sprechstunde Zahnarztpraxis und \u00d6ffnungszeiten \u2714\ufe0f kostenlose Parkpl\u00e4tze(90 Minuten) \u2714\ufe0f Termin vereinbaren!\" \/>\n<meta property=\"og:url\" content=\"https:\/\/www.g-f-kaiser.de\/zahnarzt\/sprechstunden\/\" \/>\n<meta property=\"og:site_name\" content=\"Zahnarzt M\u00fcnster: Zahnarztpraxis G. Kaiser\" \/>\n<meta property=\"article:publisher\" content=\"https:\/\/www.facebook.com\/zahnarztpraxiskaiser\" \/>\n<meta property=\"article:modified_time\" content=\"2021-12-01T09:40:19+00:00\" \/>\n<meta property=\"og:image\" content=\"https:\/\/www.g-f-kaiser.de\/zahnarzt\/wp-content\/uploads\/2021\/10\/zahnarzt-muenster-kaiser-2.jpg\" \/>\n\t<meta property=\"og:image:width\" content=\"1881\" \/>\n\t<meta property=\"og:image:height\" content=\"1079\" \/>\n\t<meta property=\"og:image:type\" content=\"image\/jpeg\" \/>\n<meta name=\"twitter:card\" content=\"summary_large_image\" \/>\n<meta name=\"twitter:label1\" content=\"Gesch\u00e4tzte Lesezeit\" \/>\n\t<meta name=\"twitter:data1\" content=\"3\u00a0Minuten\" \/>\n<script type=\"application\/ld+json\" class=\"yoast-schema-graph\">{\"@context\":\"https:\\\/\\\/schema.org\",\"@graph\":[{\"@type\":\"WebPage\",\"@id\":\"https:\\\/\\\/www.g-f-kaiser.de\\\/zahnarzt\\\/sprechstunden\\\/\",\"url\":\"https:\\\/\\\/www.g-f-kaiser.de\\\/zahnarzt\\\/sprechstunden\\\/\",\"name\":\"Sprechstunde: Zahnarzt M\u00fcnster Kaiser | am York Center\",\"isPartOf\":{\"@id\":\"https:\\\/\\\/www.g-f-kaiser.de\\\/zahnarzt\\\/#website\"},\"datePublished\":\"2021-01-21T00:38:07+00:00\",\"dateModified\":\"2021-12-01T09:40:19+00:00\",\"description\":\"Zahnarzt M\u00fcnster Kaiser \u2714\ufe0f Sprechstunde Zahnarztpraxis und \u00d6ffnungszeiten \u2714\ufe0f kostenlose Parkpl\u00e4tze(90 Minuten) \u2714\ufe0f Termin vereinbaren!\",\"breadcrumb\":{\"@id\":\"https:\\\/\\\/www.g-f-kaiser.de\\\/zahnarzt\\\/sprechstunden\\\/#breadcrumb\"},\"inLanguage\":\"de\",\"potentialAction\":[{\"@type\":\"ReadAction\",\"target\":[\"https:\\\/\\\/www.g-f-kaiser.de\\\/zahnarzt\\\/sprechstunden\\\/\"]}]},{\"@type\":\"BreadcrumbList\",\"@id\":\"https:\\\/\\\/www.g-f-kaiser.de\\\/zahnarzt\\\/sprechstunden\\\/#breadcrumb\",\"itemListElement\":[{\"@type\":\"ListItem\",\"position\":1,\"name\":\"Zahnarzt\",\"item\":\"https:\\\/\\\/www.g-f-kaiser.de\\\/zahnarzt\\\/\"},{\"@type\":\"ListItem\",\"position\":2,\"name\":\"Sprechstunden\"}]},{\"@type\":\"WebSite\",\"@id\":\"https:\\\/\\\/www.g-f-kaiser.de\\\/zahnarzt\\\/#website\",\"url\":\"https:\\\/\\\/www.g-f-kaiser.de\\\/zahnarzt\\\/\",\"name\":\"Zahnarzt M\u00fcnster, Kaiser\",\"description\":\"Zahnarztpraxis G. Kaiser - Zahnarzt in M\u00fcnster Mitte f\u00fcr gesunde Z\u00e4hne. Telefonische-Terminvereinbarung und Top-Bewertungen.\",\"publisher\":{\"@id\":\"https:\\\/\\\/www.g-f-kaiser.de\\\/zahnarzt\\\/#organization\"},\"potentialAction\":[{\"@type\":\"SearchAction\",\"target\":{\"@type\":\"EntryPoint\",\"urlTemplate\":\"https:\\\/\\\/www.g-f-kaiser.de\\\/zahnarzt\\\/?s={search_term_string}\"},\"query-input\":{\"@type\":\"PropertyValueSpecification\",\"valueRequired\":true,\"valueName\":\"search_term_string\"}}],\"inLanguage\":\"de\"},{\"@type\":\"Organization\",\"@id\":\"https:\\\/\\\/www.g-f-kaiser.de\\\/zahnarzt\\\/#organization\",\"name\":\"Zahnarzt M\u00fcnster Kaiser\",\"url\":\"https:\\\/\\\/www.g-f-kaiser.de\\\/zahnarzt\\\/\",\"logo\":{\"@type\":\"ImageObject\",\"inLanguage\":\"de\",\"@id\":\"https:\\\/\\\/www.g-f-kaiser.de\\\/zahnarzt\\\/#\\\/schema\\\/logo\\\/image\\\/\",\"url\":\"https:\\\/\\\/www.g-f-kaiser.de\\\/zahnarzt\\\/wp-content\\\/uploads\\\/2021\\\/02\\\/cropped-zahnarzt-muenster-kaiser-icon.jpg\",\"contentUrl\":\"https:\\\/\\\/www.g-f-kaiser.de\\\/zahnarzt\\\/wp-content\\\/uploads\\\/2021\\\/02\\\/cropped-zahnarzt-muenster-kaiser-icon.jpg\",\"width\":512,\"height\":512,\"caption\":\"Zahnarzt M\u00fcnster Kaiser\"},\"image\":{\"@id\":\"https:\\\/\\\/www.g-f-kaiser.de\\\/zahnarzt\\\/#\\\/schema\\\/logo\\\/image\\\/\"},\"sameAs\":[\"https:\\\/\\\/www.facebook.com\\\/zahnarztpraxiskaiser\"]}]}<\/script>\n<!-- \/ Yoast SEO plugin. -->","yoast_head_json":{"title":"Sprechstunde: Zahnarzt M\u00fcnster Kaiser | am York Center","description":"Zahnarzt M\u00fcnster Kaiser \u2714\ufe0f Sprechstunde Zahnarztpraxis und \u00d6ffnungszeiten \u2714\ufe0f kostenlose Parkpl\u00e4tze(90 Minuten) \u2714\ufe0f Termin vereinbaren!","robots":{"index":"index","follow":"follow","max-snippet":"max-snippet:-1","max-image-preview":"max-image-preview:large","max-video-preview":"max-video-preview:-1"},"canonical":"https:\/\/www.g-f-kaiser.de\/zahnarzt\/sprechstunden\/","og_locale":"de_DE","og_type":"article","og_title":"Sprechstunde: Zahnarzt M\u00fcnster Kaiser | am York Center","og_description":"Zahnarzt M\u00fcnster Kaiser \u2714\ufe0f Sprechstunde Zahnarztpraxis und \u00d6ffnungszeiten \u2714\ufe0f kostenlose Parkpl\u00e4tze(90 Minuten) \u2714\ufe0f Termin vereinbaren!","og_url":"https:\/\/www.g-f-kaiser.de\/zahnarzt\/sprechstunden\/","og_site_name":"Zahnarzt M\u00fcnster: Zahnarztpraxis G. Kaiser","article_publisher":"https:\/\/www.facebook.com\/zahnarztpraxiskaiser","article_modified_time":"2021-12-01T09:40:19+00:00","og_image":[{"width":1881,"height":1079,"url":"https:\/\/www.g-f-kaiser.de\/zahnarzt\/wp-content\/uploads\/2021\/10\/zahnarzt-muenster-kaiser-2.jpg","type":"image\/jpeg"}],"twitter_card":"summary_large_image","twitter_misc":{"Gesch\u00e4tzte Lesezeit":"3\u00a0Minuten"},"schema":{"@context":"https:\/\/schema.org","@graph":[{"@type":"WebPage","@id":"https:\/\/www.g-f-kaiser.de\/zahnarzt\/sprechstunden\/","url":"https:\/\/www.g-f-kaiser.de\/zahnarzt\/sprechstunden\/","name":"Sprechstunde: Zahnarzt M\u00fcnster Kaiser | am York Center","isPartOf":{"@id":"https:\/\/www.g-f-kaiser.de\/zahnarzt\/#website"},"datePublished":"2021-01-21T00:38:07+00:00","dateModified":"2021-12-01T09:40:19+00:00","description":"Zahnarzt M\u00fcnster Kaiser \u2714\ufe0f Sprechstunde Zahnarztpraxis und \u00d6ffnungszeiten \u2714\ufe0f kostenlose Parkpl\u00e4tze(90 Minuten) \u2714\ufe0f Termin vereinbaren!","breadcrumb":{"@id":"https:\/\/www.g-f-kaiser.de\/zahnarzt\/sprechstunden\/#breadcrumb"},"inLanguage":"de","potentialAction":[{"@type":"ReadAction","target":["https:\/\/www.g-f-kaiser.de\/zahnarzt\/sprechstunden\/"]}]},{"@type":"BreadcrumbList","@id":"https:\/\/www.g-f-kaiser.de\/zahnarzt\/sprechstunden\/#breadcrumb","itemListElement":[{"@type":"ListItem","position":1,"name":"Zahnarzt","item":"https:\/\/www.g-f-kaiser.de\/zahnarzt\/"},{"@type":"ListItem","position":2,"name":"Sprechstunden"}]},{"@type":"WebSite","@id":"https:\/\/www.g-f-kaiser.de\/zahnarzt\/#website","url":"https:\/\/www.g-f-kaiser.de\/zahnarzt\/","name":"Zahnarzt M\u00fcnster, Kaiser","description":"Zahnarztpraxis G. Kaiser - Zahnarzt in M\u00fcnster Mitte f\u00fcr gesunde Z\u00e4hne. Telefonische-Terminvereinbarung und Top-Bewertungen.","publisher":{"@id":"https:\/\/www.g-f-kaiser.de\/zahnarzt\/#organization"},"potentialAction":[{"@type":"SearchAction","target":{"@type":"EntryPoint","urlTemplate":"https:\/\/www.g-f-kaiser.de\/zahnarzt\/?s={search_term_string}"},"query-input":{"@type":"PropertyValueSpecification","valueRequired":true,"valueName":"search_term_string"}}],"inLanguage":"de"},{"@type":"Organization","@id":"https:\/\/www.g-f-kaiser.de\/zahnarzt\/#organization","name":"Zahnarzt M\u00fcnster Kaiser","url":"https:\/\/www.g-f-kaiser.de\/zahnarzt\/","logo":{"@type":"ImageObject","inLanguage":"de","@id":"https:\/\/www.g-f-kaiser.de\/zahnarzt\/#\/schema\/logo\/image\/","url":"https:\/\/www.g-f-kaiser.de\/zahnarzt\/wp-content\/uploads\/2021\/02\/cropped-zahnarzt-muenster-kaiser-icon.jpg","contentUrl":"https:\/\/www.g-f-kaiser.de\/zahnarzt\/wp-content\/uploads\/2021\/02\/cropped-zahnarzt-muenster-kaiser-icon.jpg","width":512,"height":512,"caption":"Zahnarzt M\u00fcnster Kaiser"},"image":{"@id":"https:\/\/www.g-f-kaiser.de\/zahnarzt\/#\/schema\/logo\/image\/"},"sameAs":["https:\/\/www.facebook.com\/zahnarztpraxiskaiser"]}]}},"_links":{"self":[{"href":"https:\/\/www.g-f-kaiser.de\/zahnarzt\/wp-json\/wp\/v2\/pages\/311","targetHints":{"allow":["GET"]}}],"collection":[{"href":"https:\/\/www.g-f-kaiser.de\/zahnarzt\/wp-json\/wp\/v2\/pages"}],"about":[{"href":"https:\/\/www.g-f-kaiser.de\/zahnarzt\/wp-json\/wp\/v2\/types\/page"}],"author":[{"embeddable":true,"href":"https:\/\/www.g-f-kaiser.de\/zahnarzt\/wp-json\/wp\/v2\/users\/1"}],"replies":[{"embeddable":true,"href":"https:\/\/www.g-f-kaiser.de\/zahnarzt\/wp-json\/wp\/v2\/comments?post=311"}],"version-history":[{"count":0,"href":"https:\/\/www.g-f-kaiser.de\/zahnarzt\/wp-json\/wp\/v2\/pages\/311\/revisions"}],"wp:attachment":[{"href":"https:\/\/www.g-f-kaiser.de\/zahnarzt\/wp-json\/wp\/v2\/media?parent=311"}],"wp:term":[{"taxonomy":"category","embeddable":true,"href":"https:\/\/www.g-f-kaiser.de\/zahnarzt\/wp-json\/wp\/v2\/categories?post=311"},{"taxonomy":"post_tag","embeddable":true,"href":"https:\/\/www.g-f-kaiser.de\/zahnarzt\/wp-json\/wp\/v2\/tags?post=311"}],"curies":[{"name":"wp","href":"https:\/\/api.w.org\/{rel}","templated":true}]}}